{"id":62,"date":"2015-10-15T14:30:49","date_gmt":"2015-10-15T12:30:49","guid":{"rendered":"http:\/\/benoitbuchs.ch\/?page_id=62"},"modified":"2019-03-22T17:11:02","modified_gmt":"2019-03-22T16:11:02","slug":"alpenfluege","status":"publish","type":"page","link":"https:\/\/benoitbuchs.ch\/fr\/alpenfluege\/","title":{"rendered":"Alpenfl\u00fcge"},"content":{"rendered":"<p><span style=\"font-size: 12pt;\"><span style=\"font-family: arial, helvetica, sans-serif;\"><strong>AB IN DIE DRITTE DIMENSION.<br \/>\n<\/strong><\/span><strong><span style=\"font-family: arial, helvetica, sans-serif;\">ERLEBE DIE FASZINIERENDE WELT DER FLIEGEREI.<\/span><\/strong><\/span><\/p>\n<p><span style=\"font-size: 12pt; font-family: arial, helvetica, sans-serif;\">Geflogen wird mit dem Flugzeug Typ Piper Turbo Arrow IV PA28RT-201T &#8211;<br \/>\nauch genannt Ferrari der L\u00fcfte ab der Homebase Gruy\u00e8re (LSGT).<\/span><\/p>\n<p><span style=\"font-size: 12pt; font-family: arial, helvetica, sans-serif;\">Das Flugzeug bietet bequem Platz f\u00fcr 4 Erwachsene (Pilot plus 3 Passagiere)<br \/>\noder 3 Erwachsene und 2 Kinder.<\/span><\/p>\n<p><span style=\"font-family: arial, helvetica, sans-serif; font-size: 12pt;\"><strong>Eigenschaften<\/strong><\/span><!--more--><br \/>\n<span style=\"font-family: arial, helvetica, sans-serif; font-size: 12pt;\">6-Zylinder Einspritz-Reihenmotor mit 220PS, Turbolader und Intercooler<\/span><br \/>\n<span style=\"font-family: arial, helvetica, sans-serif; font-size: 12pt;\"> &gt; Einziehfahrwerk und Constant Speed Propeller<\/span><\/p>\n<table style=\"height: 700px; border-color: #ffffff; background-color: #ffffff;\" width=\"656\">\n<tbody>\n<tr style=\"border-color: #ffffff; height: 20px; background-color: #ffffff;\">\n<td style=\"border-color: #ffffff; width: 400px; height: 20px; vertical-align: bottom; background-color: #ffffff;\"><strong><span style=\"font-family: arial, helvetica, sans-serif; font-size: 12pt; color: #000000;\">Beispiele<\/span><\/strong><\/td>\n<td style=\"border-color: #ffffff; width: 400px; height: 20px; vertical-align: bottom; background-color: #ffffff;\"><\/td>\n<\/tr>\n<tr>\n<td style=\"border-color: #ffffff; width: 400px; height: 250px; vertical-align: top; background-color: #ffffff;\"><span style=\"font-family: arial, helvetica, sans-serif; font-size: 12pt; color: #000000;\">Tagesausflug mit Mittagessen in St. Moritz<\/span><br \/>\n<span style=\"font-family: arial, helvetica, sans-serif; font-size: 12pt; color: #000000;\"> *ca. CHF 240.-\/Person inkl. Flugzeit und alle Taxen<\/span><\/td>\n<td style=\"border-color: #ffffff; vertical-align: top; background-color: #ffffff;\"><a href=\"http:\/\/benoitbuchs.ch\/wp-content\/uploads\/2015\/10\/IMG_1635.jpg\"><img loading=\"lazy\" decoding=\"async\" class=\"alignnone size-medium wp-image-210\" src=\"http:\/\/benoitbuchs.ch\/wp-content\/uploads\/2015\/10\/IMG_1635-300x225.jpg\" alt=\"IMG_1635\" width=\"300\" height=\"225\" srcset=\"https:\/\/benoitbuchs.ch\/wp-content\/uploads\/2015\/10\/IMG_1635-300x225.jpg 300w, https:\/\/benoitbuchs.ch\/wp-content\/uploads\/2015\/10\/IMG_1635-1024x768.jpg 1024w, https:\/\/benoitbuchs.ch\/wp-content\/uploads\/2015\/10\/IMG_1635-624x468.jpg 624w\" sizes=\"(max-width: 300px) 85vw, 300px\" \/><\/a><\/td>\n<\/tr>\n<tr>\n<td style=\"border-color: #ffffff; width: 400px; height: 250px; vertical-align: top; background-color: #ffffff;\"><span style=\"font-size: 12pt; font-family: arial, helvetica, sans-serif; color: #000000;\">Tagesausflug mit Mittagessen in Locarno<\/span><br \/>\n<span style=\"font-size: 12pt; font-family: arial, helvetica, sans-serif; color: #000000;\"> *ca. CHF 200.-\/Person inkl. Flugzeit und alle Taxen<\/span><\/td>\n<td style=\"border-color: #ffffff; vertical-align: top; background-color: #ffffff;\"><a href=\"http:\/\/benoitbuchs.ch\/wp-content\/uploads\/2015\/10\/IMG_0117.jpg\" rel=\"attachment wp-att-247\"><img loading=\"lazy\" decoding=\"async\" class=\"alignnone size-medium wp-image-247\" src=\"http:\/\/benoitbuchs.ch\/wp-content\/uploads\/2015\/10\/IMG_0117-300x225.jpg\" alt=\"IMG_0117\" width=\"300\" height=\"225\" srcset=\"https:\/\/benoitbuchs.ch\/wp-content\/uploads\/2015\/10\/IMG_0117-300x225.jpg 300w, https:\/\/benoitbuchs.ch\/wp-content\/uploads\/2015\/10\/IMG_0117-768x576.jpg 768w, https:\/\/benoitbuchs.ch\/wp-content\/uploads\/2015\/10\/IMG_0117-1024x768.jpg 1024w, https:\/\/benoitbuchs.ch\/wp-content\/uploads\/2015\/10\/IMG_0117-624x468.jpg 624w\" sizes=\"(max-width: 300px) 85vw, 300px\" \/><\/a><\/td>\n<\/tr>\n<tr>\n<td style=\"border-color: #ffffff; width: 400px; height: 50px; vertical-align: top; background-color: #ffffff;\"><span style=\"font-size: 12pt; font-family: arial, helvetica, sans-serif; color: #000000;\">Alpenrundflug Matterhorn<br \/>\n*ca. CHF 190.-\/Person inkl. Flugzeit und alle Taxen<\/span><\/td>\n<td style=\"border-color: #ffffff; background-color: #ffffff;\">\u00a0<a href=\"http:\/\/benoitbuchs.ch\/wp-content\/uploads\/2015\/10\/IMG_0152.jpg\" rel=\"attachment wp-att-248\"><img loading=\"lazy\" decoding=\"async\" class=\"alignnone size-medium wp-image-248\" src=\"http:\/\/benoitbuchs.ch\/wp-content\/uploads\/2015\/10\/IMG_0152-225x300.jpg\" alt=\"IMG_0152\" width=\"225\" height=\"300\" srcset=\"https:\/\/benoitbuchs.ch\/wp-content\/uploads\/2015\/10\/IMG_0152-225x300.jpg 225w, https:\/\/benoitbuchs.ch\/wp-content\/uploads\/2015\/10\/IMG_0152-768x1024.jpg 768w, https:\/\/benoitbuchs.ch\/wp-content\/uploads\/2015\/10\/IMG_0152-624x832.jpg 624w\" sizes=\"(max-width: 225px) 85vw, 225px\" \/><\/a><\/td>\n<\/tr>\n<tr>\n<td style=\"border-color: #ffffff; width: 400px; height: 50px; vertical-align: top; background-color: #ffffff;\"><span style=\"font-size: 12pt; font-family: arial, helvetica, sans-serif; color: #000000;\">Alpenrundflug Mont Blanc<br \/>\n*ca. CHF 190.-\/Person inkl. Flugzeit und alle Taxen<\/span><\/td>\n<td style=\"border-color: #ffffff; background-color: #ffffff;\">\u00a0<a href=\"http:\/\/benoitbuchs.ch\/wp-content\/uploads\/2015\/10\/IMG_0178.jpg\" rel=\"attachment wp-att-249\"><img loading=\"lazy\" decoding=\"async\" class=\"alignnone size-medium wp-image-249\" src=\"http:\/\/benoitbuchs.ch\/wp-content\/uploads\/2015\/10\/IMG_0178-300x225.jpg\" alt=\"IMG_0178\" width=\"300\" height=\"225\" srcset=\"https:\/\/benoitbuchs.ch\/wp-content\/uploads\/2015\/10\/IMG_0178-300x225.jpg 300w, https:\/\/benoitbuchs.ch\/wp-content\/uploads\/2015\/10\/IMG_0178-768x576.jpg 768w, https:\/\/benoitbuchs.ch\/wp-content\/uploads\/2015\/10\/IMG_0178-1024x768.jpg 1024w, https:\/\/benoitbuchs.ch\/wp-content\/uploads\/2015\/10\/IMG_0178-624x468.jpg 624w\" sizes=\"(max-width: 300px) 85vw, 300px\" \/><\/a><\/td>\n<\/tr>\n<\/tbody>\n<\/table>\n<p><span style=\"font-size: 12pt; font-family: arial, helvetica, sans-serif; color: #000000;\">Sehr gerne stellen wir auch Gutscheine aus.<\/span><br \/>\n<span style=\"font-size: 12pt; font-family: arial, helvetica, sans-serif; color: #000000;\"> Es gibt immer einen Grund: Hochzeit, Geburtstag, Jubil\u00e4um, Pensionnierung, einfach so, &#8230;<\/span><\/p>\n<p><span style=\"font-family: arial, helvetica, sans-serif; font-size: 12pt;\"><span style=\"color: #000000;\">Bei Interesse einfach anrufen +41 79 322 64 10<\/span><br \/>\n<span style=\"color: #000000;\"> oder eine Mail schreiben an<\/span> <a href=\"mailto:office@benoitbuchs.ch\" target=\"_blank\" rel=\"noopener noreferrer\">office@benoitbuchs.ch<\/a><\/span><\/p>\n<p><span style=\"font-size: 12pt; font-family: arial, helvetica, sans-serif; color: #000000;\">*unverbindliche Preisangaben, Preis kann je nach gew\u00e4hlter Route variieren<\/span><\/p>\n","protected":false},"excerpt":{"rendered":"<p>AB IN DIE DRITTE DIMENSION. ERLEBE DIE FASZINIERENDE WELT DER FLIEGEREI. Geflogen wird mit dem Flugzeug Typ Piper Turbo Arrow IV PA28RT-201T &#8211; auch genannt Ferrari der L\u00fcfte ab der Homebase Gruy\u00e8re (LSGT). Das Flugzeug bietet bequem Platz f\u00fcr 4 Erwachsene (Pilot plus 3 Passagiere) oder 3 Erwachsene und 2 Kinder. Eigenschaften<\/p>\n","protected":false},"author":1,"featured_media":0,"parent":0,"menu_order":0,"comment_status":"closed","ping_status":"closed","template":"","meta":{"footnotes":""},"_links":{"self":[{"href":"https:\/\/benoitbuchs.ch\/fr\/wp-json\/wp\/v2\/pages\/62"}],"collection":[{"href":"https:\/\/benoitbuchs.ch\/fr\/wp-json\/wp\/v2\/pages"}],"about":[{"href":"https:\/\/benoitbuchs.ch\/fr\/wp-json\/wp\/v2\/types\/page"}],"author":[{"embeddable":true,"href":"https:\/\/benoitbuchs.ch\/fr\/wp-json\/wp\/v2\/users\/1"}],"replies":[{"embeddable":true,"href":"https:\/\/benoitbuchs.ch\/fr\/wp-json\/wp\/v2\/comments?post=62"}],"version-history":[{"count":67,"href":"https:\/\/benoitbuchs.ch\/fr\/wp-json\/wp\/v2\/pages\/62\/revisions"}],"predecessor-version":[{"id":281,"href":"https:\/\/benoitbuchs.ch\/fr\/wp-json\/wp\/v2\/pages\/62\/revisions\/281"}],"wp:attachment":[{"href":"https:\/\/benoitbuchs.ch\/fr\/wp-json\/wp\/v2\/media?parent=62"}],"curies":[{"name":"wp","href":"https:\/\/api.w.org\/{rel}","templated":true}]}}